{"id":7487,"date":"2018-06-17T09:25:44","date_gmt":"2018-06-17T07:25:44","guid":{"rendered":"http:\/\/dev.krivanek.de\/stetten\/?page_id=7487"},"modified":"2019-04-04T11:43:32","modified_gmt":"2019-04-04T09:43:32","slug":"impressum","status":"publish","type":"page","link":"https:\/\/dorfgemeinschaft-stetten.de\/?page_id=7487","title":{"rendered":"Impressum"},"content":{"rendered":"<p>Verantwortlich f\u00fcr den Inhalt dieser Seiten:<\/p>\n<p><span class=\"tsmcontroller\">Dorfgemeinschaft Stetten e. V.<br \/>\nAlexander Hupfer<\/span><\/p>\n<p><span class=\"tsmcontroller\">Berg\u00f6schingerstrasse 9<br \/>\n79801 Hohentengen-Stetten<br \/>\nE-Mailadresse: info@dorfgemeinschaft-stetten.de<\/span><\/p>\n<p>Kontakt Datenschutzbeauftragter: 1.vorsitzender@dorfgemeinschaft-stetten.de<\/p>\n<p>Haftungsausschluss \/ Distanzierung:<br \/>\nAlle Texte sind urheberrechtlich gesch\u00fctzt. Die Ver\u00f6ffentlichung, \u00dcbernahme oder Nutzung von Texten, Bildern oder anderen Daten bedarf der schriftlichen Zustimmung von\u00a0Alexander Hupfer. Trotz sorgf\u00e4ltiger inhaltlicher Kontrolle \u00fcbernehmen wir keine Haftung f\u00fcr die Inhalte externer Links. F\u00fcr den Inhalt etwaiger verlinkter Seiten sind ausschlie\u00dflich deren Betreiber verantwortlich.<\/p>\n<p><strong>Sie sind mit dem Inhalt dieses Blog nicht einverstanden, f\u00fchlen sich verleumdet, oder ihre Rechte verletzt?<\/strong>\u00a0Bitte\u00a0melden Sie sich doch bei uns. Wir r\u00e4umen Ihnen das Recht zur Gegendarstellung ein, und werden nachweislich falsche Behauptungen im Interesse der Leserinnen und Leser umgehend entfernen und\/oder korrigieren.<\/p>\n","protected":false},"excerpt":{"rendered":"<p>Verantwortlich f\u00fcr den Inhalt dieser Seiten: Dorfgemeinschaft Stetten e. V. Alexander Hupfer Berg\u00f6schingerstrasse 9 79801 Hohentengen-Stetten E-Mailadresse: info@dorfgemeinschaft-stetten.de Kontakt Datenschutzbeauftragter: 1.vorsitzender@dorfgemeinschaft-stetten.de Haftungsausschluss \/ Distanzierung: Alle Texte sind urheberrechtlich gesch\u00fctzt. Die Ver\u00f6ffentlichung, \u00dcbernahme oder Nutzung von Texten, Bildern oder anderen Daten bedarf der schriftlichen Zustimmung von\u00a0Alexander Hupfer. Trotz sorgf\u00e4ltiger inhaltlicher Kontrolle \u00fcbernehmen wir keine Haftung f\u00fcr&hellip;<\/p>\n","protected":false},"author":1,"featured_media":0,"parent":0,"menu_order":0,"comment_status":"closed","ping_status":"closed","template":"","meta":{"footnotes":""},"acf":[],"_links":{"self":[{"href":"https:\/\/dorfgemeinschaft-stetten.de\/index.php?rest_route=\/wp\/v2\/pages\/7487"}],"collection":[{"href":"https:\/\/dorfgemeinschaft-stetten.de\/index.php?rest_route=\/wp\/v2\/pages"}],"about":[{"href":"https:\/\/dorfgemeinschaft-stetten.de\/index.php?rest_route=\/wp\/v2\/types\/page"}],"author":[{"embeddable":true,"href":"https:\/\/dorfgemeinschaft-stetten.de\/index.php?rest_route=\/wp\/v2\/users\/1"}],"replies":[{"embeddable":true,"href":"https:\/\/dorfgemeinschaft-stetten.de\/index.php?rest_route=%2Fwp%2Fv2%2Fcomments&post=7487"}],"version-history":[{"count":5,"href":"https:\/\/dorfgemeinschaft-stetten.de\/index.php?rest_route=\/wp\/v2\/pages\/7487\/revisions"}],"predecessor-version":[{"id":8897,"href":"https:\/\/dorfgemeinschaft-stetten.de\/index.php?rest_route=\/wp\/v2\/pages\/7487\/revisions\/8897"}],"wp:attachment":[{"href":"https:\/\/dorfgemeinschaft-stetten.de\/index.php?rest_route=%2Fwp%2Fv2%2Fmedia&parent=7487"}],"curies":[{"name":"wp","href":"https:\/\/api.w.org\/{rel}","templated":true}]}}